{"id":33,"date":"2015-04-19T11:50:40","date_gmt":"2015-04-19T11:50:40","guid":{"rendered":"http:\/\/www.clgnarinne.ie\/?page_id=33"},"modified":"2026-07-11T08:57:51","modified_gmt":"2026-07-11T08:57:51","slug":"baile","status":"publish","type":"page","link":"https:\/\/www.clgnarinne.ie\/","title":{"rendered":"Eolas faoin gClub"},"content":{"rendered":"\n<p class=\"wp-block-paragraph\">Club Gaeltachta \u00ed CLG na Rinne ina mb\u00edonn an pheil agus an iom\u00e1int ar chomhch\u00e9im. B\u00edonn \u00e1it l\u00e1rnach ag an bhf\u00e9ini\u00falacht Ghaelach i ngach gn\u00e9 den gclub. T\u00e1 ana-rath orainn i gcom\u00f3rtais\u00ed Phortl\u00e1irge os na 90id\u00ed amach. I measc na n-\u00e9achta\u00ed sa tr\u00e9imhse seo bhuamar: Craobh Iom\u00e1na agus Peile S\u00f3isir an Chontae sa mbliain 1991 (bliain ar bronnadh gradam Club na Bliana orainn i bPortl\u00e1irge); Craobh Peile Idirmhe\u00e1nach an Chontae sa mbliain 1996 agus 2005; Craobh Iom\u00e1na Idirmhe\u00e1nach an Chontae sa mbliain 2008, 2012, 2017 agus 2025; \u00c9ir\u00edonn linn an tarna foireann peile agus iom\u00e1na a chur chun p\u00e1irce chomh maith agus \u00e1bhar suntais \u00e9 gur bhuamar Craobhacha Iom\u00e1na S\u00f3isir C agus S\u00f3isir B dh\u00e1 bhliain as a ch\u00e9ile roinnt blianta \u00f3 shin. Is \u00e1bhair m\u00f3rtais d\u00fainn a bheith san ioma\u00edocht i gCraobhchom\u00f3rtas Peile Sinsir Phortl\u00e1irge don bhfichi\u00fa bliain i ndiaidh a ch\u00e9ile i mbliana.<\/p>\n\n\n\n<p class=\"wp-block-paragraph\"><strong>Foirne Bainist\u00edochta:<\/strong><\/p>\n\n\n\n<p class=\"wp-block-paragraph\"><strong>Peil Sinsir:<\/strong> P\u00e1draig \u00d3 Murchadha, D\u00f3nal \u00d3g \u00d3 Murchadha, Eoin \u00d3 Murchadha, Paudie \u00d3 Innsead\u00fain<\/p>\n\n\n\n<p class=\"wp-block-paragraph\"><strong>Iom\u00e1int Idirmhe\u00e1nach Pr\u00edomhroinne:<\/strong> Tom\u00e1s Mac Craith, Anthony Mac Ualtair, D\u00f3nal \u00d3g \u00d3 Murchadha, Dave \u00d3 Riag\u00e1in, Se\u00e1n \u00d3 D\u00e1laigh<\/p>\n\n\n\n<p class=\"wp-block-paragraph\"><strong>Iom\u00e1int S\u00f3isir C:<\/strong> Jack \u00d3 Lon\u00e1in, Conor \u00d3 Cuirr\u00edn, Caol\u00e1n Mac Craith, Cormac \u00d3 Muirithe<\/p>\n\n\n\n<p class=\"wp-block-paragraph\"><strong>Peil S\u00f3isir B: <\/strong><\/p>\n","protected":false},"excerpt":{"rendered":"<p>Club Gaeltachta \u00ed CLG na Rinne ina mb\u00edonn an pheil agus an iom\u00e1int ar chomhch\u00e9im. B\u00edonn \u00e1it l\u00e1rnach ag an bhf\u00e9ini\u00falacht Ghaelach i ngach gn\u00e9 den gclub. T\u00e1 ana-rath orainn i gcom\u00f3rtais\u00ed Phortl\u00e1irge os na 90id\u00ed amach. I measc na n-\u00e9achta\u00ed sa tr\u00e9imhse seo bhuamar: Craobh Iom\u00e1na agus Peile S\u00f3isir an Chontae sa mbliain 1991 [&hellip;]<\/p>\n","protected":false},"author":1,"featured_media":0,"parent":0,"menu_order":0,"comment_status":"open","ping_status":"open","template":"page-templates\/full-width.php","meta":{"footnotes":""},"class_list":["post-33","page","type-page","status-publish","hentry"],"_links":{"self":[{"href":"https:\/\/www.clgnarinne.ie\/index.php?rest_route=\/wp\/v2\/pages\/33","targetHints":{"allow":["GET"]}}],"collection":[{"href":"https:\/\/www.clgnarinne.ie\/index.php?rest_route=\/wp\/v2\/pages"}],"about":[{"href":"https:\/\/www.clgnarinne.ie\/index.php?rest_route=\/wp\/v2\/types\/page"}],"author":[{"embeddable":true,"href":"https:\/\/www.clgnarinne.ie\/index.php?rest_route=\/wp\/v2\/users\/1"}],"replies":[{"embeddable":true,"href":"https:\/\/www.clgnarinne.ie\/index.php?rest_route=%2Fwp%2Fv2%2Fcomments&post=33"}],"version-history":[{"count":7,"href":"https:\/\/www.clgnarinne.ie\/index.php?rest_route=\/wp\/v2\/pages\/33\/revisions"}],"predecessor-version":[{"id":88,"href":"https:\/\/www.clgnarinne.ie\/index.php?rest_route=\/wp\/v2\/pages\/33\/revisions\/88"}],"wp:attachment":[{"href":"https:\/\/www.clgnarinne.ie\/index.php?rest_route=%2Fwp%2Fv2%2Fmedia&parent=33"}],"curies":[{"name":"wp","href":"https:\/\/api.w.org\/{rel}","templated":true}]}}